{"id":64,"date":"2025-05-09T12:28:43","date_gmt":"2025-05-09T10:28:43","guid":{"rendered":"https:\/\/aci.lamainforte.org\/?page_id=64"},"modified":"2025-12-17T17:46:22","modified_gmt":"2025-12-17T16:46:22","slug":"contact-la-main-forte","status":"publish","type":"page","link":"https:\/\/aci.lamainforte.org\/index.php\/contact-la-main-forte\/","title":{"rendered":"Contact et recrutement"},"content":{"rendered":"\t\t<div data-elementor-type=\"wp-page\" data-elementor-id=\"64\" class=\"elementor elementor-64\">\n\t\t\t\t<div class=\"elementor-element elementor-element-31f7f1b e-flex e-con-boxed e-con e-parent\" data-id=\"31f7f1b\" data-element_type=\"container\" data-e-type=\"container\">\n\t\t\t\t\t<div class=\"e-con-inner\">\n\t\t<div class=\"elementor-element elementor-element-e49a94a e-con-full e-flex e-con e-child\" data-id=\"e49a94a\" data-element_type=\"container\" data-e-type=\"container\">\n\t\t\t\t<div class=\"elementor-element elementor-element-cac1622 elementor-widget elementor-widget-heading\" data-id=\"cac1622\" data-element_type=\"widget\" data-e-type=\"widget\" data-widget_type=\"heading.default\">\n\t\t\t\t<div class=\"elementor-widget-container\">\n\t\t\t\t\t<h1 class=\"elementor-heading-title elementor-size-default\">Contact<\/h1>\t\t\t\t<\/div>\n\t\t\t\t<\/div>\n\t\t<div class=\"elementor-element elementor-element-03cdfe6 e-con-full e-flex e-con e-child\" data-id=\"03cdfe6\" data-element_type=\"container\" data-e-type=\"container\">\n\t\t\t\t<div class=\"elementor-element elementor-element-106d060 elementor-widget__width-inherit elementor-widget elementor-widget-text-editor\" data-id=\"106d060\" data-element_type=\"widget\" data-e-type=\"widget\" data-widget_type=\"text-editor.default\">\n\t\t\t\t<div class=\"elementor-widget-container\">\n\t\t\t\t\t\t\t\t\t<p><span class=\"elementor-icon-list-text\">La Main Forte<br \/>1, rue du Commandant Raynal<br \/>24200 Sarlat-La Can\u00e9da<\/span><\/p><p><a href=\"mailto:secretariat@lamainforte.fr\"><span class=\"elementor-icon-list-text\">secretariat@lamainforte.fr<\/span><\/a><\/p><p><span class=\"elementor-icon-list-text\">05 53 28 57 66 \/ 06 74 70 73 63<\/span><\/p>\t\t\t\t\t\t\t\t<\/div>\n\t\t\t\t<\/div>\n\t\t\t\t<\/div>\n\t\t\t\t<\/div>\n\t\t<div class=\"elementor-element elementor-element-0d99c29 e-con-full e-flex e-con e-child\" data-id=\"0d99c29\" data-element_type=\"container\" data-e-type=\"container\" data-settings=\"{&quot;background_background&quot;:&quot;classic&quot;}\">\n\t\t\t\t<div class=\"elementor-element elementor-element-68b34ca elementor-widget elementor-widget-google_maps\" data-id=\"68b34ca\" data-element_type=\"widget\" data-e-type=\"widget\" data-widget_type=\"google_maps.default\">\n\t\t\t\t<div class=\"elementor-widget-container\">\n\t\t\t\t\t\t\t<div class=\"elementor-custom-embed\">\n\t\t\t<iframe loading=\"lazy\"\n\t\t\t\t\tsrc=\"https:\/\/maps.google.com\/maps?q=1%20rue%20du%20commandant%20raynal&#038;t=m&#038;z=10&#038;output=embed&#038;iwloc=near\"\n\t\t\t\t\ttitle=\"1 rue du commandant raynal\"\n\t\t\t\t\taria-label=\"1 rue du commandant raynal\"\n\t\t\t><\/iframe>\n\t\t<\/div>\n\t\t\t\t\t\t<\/div>\n\t\t\t\t<\/div>\n\t\t\t\t<\/div>\n\t\t<div class=\"elementor-element elementor-element-6dba70e e-con-full e-flex e-con e-child\" data-id=\"6dba70e\" data-element_type=\"container\" data-e-type=\"container\" data-settings=\"{&quot;background_background&quot;:&quot;classic&quot;}\">\n\t\t\t\t<div class=\"elementor-element elementor-element-b4618f1 elementor-widget__width-initial elementor-widget-mobile__width-inherit elementor-widget elementor-widget-heading\" data-id=\"b4618f1\" data-element_type=\"widget\" data-e-type=\"widget\" data-widget_type=\"heading.default\">\n\t\t\t\t<div class=\"elementor-widget-container\">\n\t\t\t\t\t<p class=\"elementor-heading-title elementor-size-default\">HORAIRES D\u2019OUVERTURE<\/p>\t\t\t\t<\/div>\n\t\t\t\t<\/div>\n\t\t\t\t<div class=\"elementor-element elementor-element-044f3d0 elementor-widget__width-inherit elementor-widget elementor-widget-text-editor\" data-id=\"044f3d0\" data-element_type=\"widget\" data-e-type=\"widget\" data-widget_type=\"text-editor.default\">\n\t\t\t\t<div class=\"elementor-widget-container\">\n\t\t\t\t\t\t\t\t\t<p>Nos bureaux sont ouvert :<\/p><p>Du lundi au Jeudi de 8h30 \u00e0 12h30 et de 13h00 \u00e0 17h00<br \/>Le vendredi de 8h30 \u00e0 12h30<\/p>\t\t\t\t\t\t\t\t<\/div>\n\t\t\t\t<\/div>\n\t\t\t\t<\/div>\n\t\t\t\t\t<\/div>\n\t\t\t\t<\/div>\n\t\t<div class=\"elementor-element elementor-element-502122c e-flex e-con-boxed e-con e-parent\" data-id=\"502122c\" data-element_type=\"container\" data-e-type=\"container\">\n\t\t\t\t\t<div class=\"e-con-inner\">\n\t\t<div class=\"elementor-element elementor-element-83dedfd e-con-full e-flex e-con e-child\" data-id=\"83dedfd\" data-element_type=\"container\" data-e-type=\"container\">\n\t\t\t\t<div class=\"elementor-element elementor-element-e6c8d58 elementor-widget elementor-widget-heading\" data-id=\"e6c8d58\" data-element_type=\"widget\" data-e-type=\"widget\" data-widget_type=\"heading.default\">\n\t\t\t\t<div class=\"elementor-widget-container\">\n\t\t\t\t\t<h1 class=\"elementor-heading-title elementor-size-default\">Recrutement<\/h1>\t\t\t\t<\/div>\n\t\t\t\t<\/div>\n\t\t\t\t<div class=\"elementor-element elementor-element-d3ffeca elementor-widget elementor-widget-text-editor\" data-id=\"d3ffeca\" data-element_type=\"widget\" data-e-type=\"widget\" data-widget_type=\"text-editor.default\">\n\t\t\t\t<div class=\"elementor-widget-container\">\n\t\t\t\t\t\t\t\t\t<p>Vous souhaitez travailler au sein de La Main Forte en tant que\u00a0salari\u00e9 polyvalent ?<\/p><p>Les recrutements ont lieu toute l&rsquo;ann\u00e9e.<\/p>\t\t\t\t\t\t\t\t<\/div>\n\t\t\t\t<\/div>\n\t\t\t\t<\/div>\n\t\t<div class=\"elementor-element elementor-element-070d333 e-con-full e-flex e-con e-child\" data-id=\"070d333\" data-element_type=\"container\" data-e-type=\"container\" data-settings=\"{&quot;background_background&quot;:&quot;classic&quot;}\">\n\t\t\t\t<div class=\"elementor-element elementor-element-e0e6621 elementor-widget__width-initial elementor-widget elementor-widget-heading\" data-id=\"e0e6621\" data-element_type=\"widget\" data-e-type=\"widget\" data-widget_type=\"heading.default\">\n\t\t\t\t<div class=\"elementor-widget-container\">\n\t\t\t\t\t<h2 class=\"elementor-heading-title elementor-size-default\">Modalit\u00e9s<\/h2>\t\t\t\t<\/div>\n\t\t\t\t<\/div>\n\t\t\t\t<\/div>\n\t\t<div class=\"elementor-element elementor-element-6e6cbe7 e-con-full e-flex e-con e-child\" data-id=\"6e6cbe7\" data-element_type=\"container\" data-e-type=\"container\">\n\t\t\t\t<div class=\"elementor-element elementor-element-0a2e5f6 elementor-widget elementor-widget-text-editor\" data-id=\"0a2e5f6\" data-element_type=\"widget\" data-e-type=\"widget\" data-widget_type=\"text-editor.default\">\n\t\t\t\t<div class=\"elementor-widget-container\">\n\t\t\t\t\t\t\t\t\t<p>Nos prescripteurs (France Travail, <a href=\"https:\/\/www.dordogne.fr\/\" target=\"_blank\" rel=\"noopener\">Conseil D\u00e9partemental<\/a>, Mission locale, SPIP, Itin\u00e9rance, etc\u2026) transmettent les candidatures \u00e0 La Main Forte. En parall\u00e8le, ils proc\u00e8dent \u00e0 l&rsquo;inscription des candidats sur la plateforme de l\u2019inclusion. Les chercheurs d\u2019emploi peuvent \u00e9galement effectuer cette d\u00e9marche de mani\u00e8re autonome.<\/p><p>Suite \u00e0 cette premi\u00e8re d\u00e9marche, les candidats s\u2019inscrivent aupr\u00e8s de La Main Forte \u00e0 une r\u00e9union d\u2019information collective. La Main Forte transmet les dates de ces rencontres aux partenaires tout au long de l\u2019ann\u00e9e en fonction des places disponibles. Au cours de cette information collective les points suivants sont \u00e9voqu\u00e9s :<\/p><ul><li>R\u00f4le et mission de La Main Forte<\/li><li>Fonctionnement g\u00e9n\u00e9ral<\/li><li>Modalit\u00e9s d\u2019accompagnement socio-professionnel<\/li><\/ul><p>En outre, les participants sont invit\u00e9s \u00e0 compl\u00e9ter un questionnaire intitul\u00e9 \u00ab Afin de mieux vous conna\u00eetre \u00bb .<\/p><p>Suite \u00e0 cette r\u00e9union, La Main Forte re\u00e7oit les personnes d\u00e9sirant postuler \u00e0 un emploi. Ces entretiens individuels sont fix\u00e9s selon un tableau de rendez-vous :<\/p><ul><li>Entretien avec la Direction et l\u2019Accompagnatrice Socio-Professionnelle<\/li><li>Entretien avec les Encadrants Techniques Sociaux P\u00e9dagogiques et l\u2019Assistant Technique<\/li><\/ul><p><span style=\"font-style: inherit; font-weight: inherit;\">\u00c0 l\u2019issue de l\u2019ensemble des entretiens, les permanents de La Main Forte organisent une r\u00e9union afin de statuer sur les entr\u00e9es et avis \u00e0 retourner aux prescripteurs.<\/span><\/p><p>La Main Forte informe les candidats, au plus tard, dans la semaine suivante. Les prescripteurs contactent ensuite les candidats non retenus pour travailler la suite de leur parcours.<\/p><p>Suite \u00e0 l\u2019embauche, un PASS IAE est remis au candidat. Ainsi, ce PASS est utilisable, pendant 2 ans, dans plusieurs Structures d\u2019Insertion par l\u2019Activit\u00e9 Economique.<\/p>\t\t\t\t\t\t\t\t<\/div>\n\t\t\t\t<\/div>\n\t\t\t\t<\/div>\n\t\t\t\t\t<\/div>\n\t\t\t\t<\/div>\n\t\t<div class=\"elementor-element elementor-element-d6f39ba e-flex e-con-boxed e-con e-parent\" data-id=\"d6f39ba\" data-element_type=\"container\" data-e-type=\"container\">\n\t\t\t\t\t<div class=\"e-con-inner\">\n\t\t\t\t<div class=\"elementor-element elementor-element-5f4fb74 elementor-widget elementor-widget-image\" data-id=\"5f4fb74\" data-element_type=\"widget\" data-e-type=\"widget\" data-widget_type=\"image.default\">\n\t\t\t\t<div class=\"elementor-widget-container\">\n\t\t\t\t\t\t\t\t\t\t\t\t\t\t\t<img fetchpriority=\"high\" decoding=\"async\" width=\"1024\" height=\"768\" src=\"https:\/\/aci.lamainforte.org\/wp-content\/uploads\/2025\/06\/Jardinieres-Sure-Hotel-1-1024x768.jpg\" class=\"attachment-large size-large wp-image-618\" alt=\"Contact La Main Forte\" srcset=\"https:\/\/aci.lamainforte.org\/wp-content\/uploads\/2025\/06\/Jardinieres-Sure-Hotel-1-1024x768.jpg 1024w, https:\/\/aci.lamainforte.org\/wp-content\/uploads\/2025\/06\/Jardinieres-Sure-Hotel-1-300x225.jpg 300w, https:\/\/aci.lamainforte.org\/wp-content\/uploads\/2025\/06\/Jardinieres-Sure-Hotel-1-768x576.jpg 768w, https:\/\/aci.lamainforte.org\/wp-content\/uploads\/2025\/06\/Jardinieres-Sure-Hotel-1-1536x1152.jpg 1536w, https:\/\/aci.lamainforte.org\/wp-content\/uploads\/2025\/06\/Jardinieres-Sure-Hotel-1.jpg 1920w\" sizes=\"(max-width: 1024px) 100vw, 1024px\" \/>\t\t\t\t\t\t\t\t\t\t\t\t\t\t\t<\/div>\n\t\t\t\t<\/div>\n\t\t\t\t\t<\/div>\n\t\t\t\t<\/div>\n\t\t\t\t<\/div>\n\t\t","protected":false},"excerpt":{"rendered":"<p>Contact La Main Forte1, rue du Commandant Raynal24200 Sarlat-La Can\u00e9da secretariat@lamainforte.fr 05 53 28 57 66 \/ 06 74 70 [&hellip;]<\/p>\n","protected":false},"author":1,"featured_media":0,"parent":0,"menu_order":0,"comment_status":"closed","ping_status":"closed","template":"","meta":{"site-sidebar-layout":"no-sidebar","site-content-layout":"","ast-site-content-layout":"full-width-container","site-content-style":"default","site-sidebar-style":"default","ast-global-header-display":"","ast-banner-title-visibility":"","ast-main-header-display":"","ast-hfb-above-header-display":"","ast-hfb-below-header-display":"","ast-hfb-mobile-header-display":"","site-post-title":"disabled","ast-breadcrumbs-content":"","ast-featured-img":"disabled","footer-sml-layout":"","ast-disable-related-posts":"","theme-transparent-header-meta":"","adv-header-id-meta":"","stick-header-meta":"","header-above-stick-meta":"","header-main-stick-meta":"","header-below-stick-meta":"","astra-migrate-meta-layouts":"default","ast-page-background-enabled":"default","ast-page-background-meta":{"desktop":{"background-color":"var(--ast-global-color-5)","background-image":"","background-repeat":"repeat","background-position":"center center","background-size":"auto","background-attachment":"scroll","background-type":"","background-media":"","overlay-type":"","overlay-color":"","overlay-opacity":"","overlay-gradient":""},"tablet":{"background-color":"","background-image":"","background-repeat":"repeat","background-position":"center center","background-size":"auto","background-attachment":"scroll","background-type":"","background-media":"","overlay-type":"","overlay-color":"","overlay-opacity":"","overlay-gradient":""},"mobile":{"background-color":"","background-image":"","background-repeat":"repeat","background-position":"center center","background-size":"auto","background-attachment":"scroll","background-type":"","background-media":"","overlay-type":"","overlay-color":"","overlay-opacity":"","overlay-gradient":""}},"ast-content-background-meta":{"desktop":{"background-color":"var(--ast-global-color-4)","background-image":"","background-repeat":"repeat","background-position":"center center","background-size":"auto","background-attachment":"scroll","background-type":"","background-media":"","overlay-type":"","overlay-color":"","overlay-opacity":"","overlay-gradient":""},"tablet":{"background-color":"var(--ast-global-color-4)","background-image":"","background-repeat":"repeat","background-position":"center center","background-size":"auto","background-attachment":"scroll","background-type":"","background-media":"","overlay-type":"","overlay-color":"","overlay-opacity":"","overlay-gradient":""},"mobile":{"background-color":"var(--ast-global-color-4)","background-image":"","background-repeat":"repeat","background-position":"center center","background-size":"auto","background-attachment":"scroll","background-type":"","background-media":"","overlay-type":"","overlay-color":"","overlay-opacity":"","overlay-gradient":""}},"footnotes":""},"class_list":["post-64","page","type-page","status-publish","hentry"],"yoast_head":"<!-- This site is optimized with the Yoast SEO plugin v27.5 - https:\/\/yoast.com\/product\/yoast-seo-wordpress\/ -->\n<title>Contact La Main Forte<\/title>\n<meta name=\"description\" content=\"Contact La Main Forte : Pour toute question concernant les missions de l&#039;Association ou pour le recrutement.\" \/>\n<meta name=\"robots\" content=\"index, follow, max-snippet:-1, max-image-preview:large, max-video-preview:-1\" \/>\n<link rel=\"canonical\" href=\"https:\/\/aci.lamainforte.org\/index.php\/contact-la-main-forte\/\" \/>\n<meta property=\"og:locale\" content=\"fr_FR\" \/>\n<meta property=\"og:type\" content=\"article\" \/>\n<meta property=\"og:title\" content=\"Contact La Main Forte\" \/>\n<meta property=\"og:description\" content=\"Contact La Main Forte : Pour toute question concernant les missions de l&#039;Association ou pour le recrutement.\" \/>\n<meta property=\"og:url\" content=\"https:\/\/aci.lamainforte.org\/index.php\/contact-la-main-forte\/\" \/>\n<meta property=\"og:site_name\" content=\"ACI - Atelier Chantier Insertion\" \/>\n<meta property=\"article:modified_time\" content=\"2025-12-17T16:46:22+00:00\" \/>\n<meta property=\"og:image\" content=\"https:\/\/aci.lamainforte.org\/wp-content\/uploads\/2025\/06\/Jardinieres-Sure-Hotel-1-1024x768.jpg\" \/>\n<meta name=\"twitter:card\" content=\"summary_large_image\" \/>\n<meta name=\"twitter:label1\" content=\"Dur\u00e9e de lecture estim\u00e9e\" \/>\n\t<meta name=\"twitter:data1\" content=\"2 minutes\" \/>\n<script type=\"application\/ld+json\" class=\"yoast-schema-graph\">{\"@context\":\"https:\\\/\\\/schema.org\",\"@graph\":[{\"@type\":\"WebPage\",\"@id\":\"https:\\\/\\\/aci.lamainforte.org\\\/index.php\\\/contact-la-main-forte\\\/\",\"url\":\"https:\\\/\\\/aci.lamainforte.org\\\/index.php\\\/contact-la-main-forte\\\/\",\"name\":\"Contact La Main Forte\",\"isPartOf\":{\"@id\":\"https:\\\/\\\/aci.lamainforte.org\\\/#website\"},\"primaryImageOfPage\":{\"@id\":\"https:\\\/\\\/aci.lamainforte.org\\\/index.php\\\/contact-la-main-forte\\\/#primaryimage\"},\"image\":{\"@id\":\"https:\\\/\\\/aci.lamainforte.org\\\/index.php\\\/contact-la-main-forte\\\/#primaryimage\"},\"thumbnailUrl\":\"https:\\\/\\\/aci.lamainforte.org\\\/wp-content\\\/uploads\\\/2025\\\/06\\\/Jardinieres-Sure-Hotel-1-1024x768.jpg\",\"datePublished\":\"2025-05-09T10:28:43+00:00\",\"dateModified\":\"2025-12-17T16:46:22+00:00\",\"description\":\"Contact La Main Forte : Pour toute question concernant les missions de l'Association ou pour le recrutement.\",\"breadcrumb\":{\"@id\":\"https:\\\/\\\/aci.lamainforte.org\\\/index.php\\\/contact-la-main-forte\\\/#breadcrumb\"},\"inLanguage\":\"fr-FR\",\"potentialAction\":[{\"@type\":\"ReadAction\",\"target\":[\"https:\\\/\\\/aci.lamainforte.org\\\/index.php\\\/contact-la-main-forte\\\/\"]}]},{\"@type\":\"ImageObject\",\"inLanguage\":\"fr-FR\",\"@id\":\"https:\\\/\\\/aci.lamainforte.org\\\/index.php\\\/contact-la-main-forte\\\/#primaryimage\",\"url\":\"https:\\\/\\\/aci.lamainforte.org\\\/wp-content\\\/uploads\\\/2025\\\/06\\\/Jardinieres-Sure-Hotel-1.jpg\",\"contentUrl\":\"https:\\\/\\\/aci.lamainforte.org\\\/wp-content\\\/uploads\\\/2025\\\/06\\\/Jardinieres-Sure-Hotel-1.jpg\",\"width\":1920,\"height\":1440,\"caption\":\"Contact La Main Forte\"},{\"@type\":\"BreadcrumbList\",\"@id\":\"https:\\\/\\\/aci.lamainforte.org\\\/index.php\\\/contact-la-main-forte\\\/#breadcrumb\",\"itemListElement\":[{\"@type\":\"ListItem\",\"position\":1,\"name\":\"Accueil\",\"item\":\"https:\\\/\\\/aci.lamainforte.org\\\/\"},{\"@type\":\"ListItem\",\"position\":2,\"name\":\"Contact et recrutement\"}]},{\"@type\":\"WebSite\",\"@id\":\"https:\\\/\\\/aci.lamainforte.org\\\/#website\",\"url\":\"https:\\\/\\\/aci.lamainforte.org\\\/\",\"name\":\"ACI - Atelier Chantier Insertion\",\"description\":\"\",\"publisher\":{\"@id\":\"https:\\\/\\\/aci.lamainforte.org\\\/#organization\"},\"potentialAction\":[{\"@type\":\"SearchAction\",\"target\":{\"@type\":\"EntryPoint\",\"urlTemplate\":\"https:\\\/\\\/aci.lamainforte.org\\\/?s={search_term_string}\"},\"query-input\":{\"@type\":\"PropertyValueSpecification\",\"valueRequired\":true,\"valueName\":\"search_term_string\"}}],\"inLanguage\":\"fr-FR\"},{\"@type\":\"Organization\",\"@id\":\"https:\\\/\\\/aci.lamainforte.org\\\/#organization\",\"name\":\"ACI - Atelier Chantier Insertion\",\"url\":\"https:\\\/\\\/aci.lamainforte.org\\\/\",\"logo\":{\"@type\":\"ImageObject\",\"inLanguage\":\"fr-FR\",\"@id\":\"https:\\\/\\\/aci.lamainforte.org\\\/#\\\/schema\\\/logo\\\/image\\\/\",\"url\":\"https:\\\/\\\/aci.lamainforte.org\\\/wp-content\\\/uploads\\\/2025\\\/05\\\/Logo.jpg\",\"contentUrl\":\"https:\\\/\\\/aci.lamainforte.org\\\/wp-content\\\/uploads\\\/2025\\\/05\\\/Logo.jpg\",\"width\":800,\"height\":600,\"caption\":\"ACI - Atelier Chantier Insertion\"},\"image\":{\"@id\":\"https:\\\/\\\/aci.lamainforte.org\\\/#\\\/schema\\\/logo\\\/image\\\/\"}}]}<\/script>\n<!-- \/ Yoast SEO plugin. -->","yoast_head_json":{"title":"Contact La Main Forte","description":"Contact La Main Forte : Pour toute question concernant les missions de l'Association ou pour le recrutement.","robots":{"index":"index","follow":"follow","max-snippet":"max-snippet:-1","max-image-preview":"max-image-preview:large","max-video-preview":"max-video-preview:-1"},"canonical":"https:\/\/aci.lamainforte.org\/index.php\/contact-la-main-forte\/","og_locale":"fr_FR","og_type":"article","og_title":"Contact La Main Forte","og_description":"Contact La Main Forte : Pour toute question concernant les missions de l'Association ou pour le recrutement.","og_url":"https:\/\/aci.lamainforte.org\/index.php\/contact-la-main-forte\/","og_site_name":"ACI - Atelier Chantier Insertion","article_modified_time":"2025-12-17T16:46:22+00:00","og_image":[{"url":"https:\/\/aci.lamainforte.org\/wp-content\/uploads\/2025\/06\/Jardinieres-Sure-Hotel-1-1024x768.jpg","type":"","width":"","height":""}],"twitter_card":"summary_large_image","twitter_misc":{"Dur\u00e9e de lecture estim\u00e9e":"2 minutes"},"schema":{"@context":"https:\/\/schema.org","@graph":[{"@type":"WebPage","@id":"https:\/\/aci.lamainforte.org\/index.php\/contact-la-main-forte\/","url":"https:\/\/aci.lamainforte.org\/index.php\/contact-la-main-forte\/","name":"Contact La Main Forte","isPartOf":{"@id":"https:\/\/aci.lamainforte.org\/#website"},"primaryImageOfPage":{"@id":"https:\/\/aci.lamainforte.org\/index.php\/contact-la-main-forte\/#primaryimage"},"image":{"@id":"https:\/\/aci.lamainforte.org\/index.php\/contact-la-main-forte\/#primaryimage"},"thumbnailUrl":"https:\/\/aci.lamainforte.org\/wp-content\/uploads\/2025\/06\/Jardinieres-Sure-Hotel-1-1024x768.jpg","datePublished":"2025-05-09T10:28:43+00:00","dateModified":"2025-12-17T16:46:22+00:00","description":"Contact La Main Forte : Pour toute question concernant les missions de l'Association ou pour le recrutement.","breadcrumb":{"@id":"https:\/\/aci.lamainforte.org\/index.php\/contact-la-main-forte\/#breadcrumb"},"inLanguage":"fr-FR","potentialAction":[{"@type":"ReadAction","target":["https:\/\/aci.lamainforte.org\/index.php\/contact-la-main-forte\/"]}]},{"@type":"ImageObject","inLanguage":"fr-FR","@id":"https:\/\/aci.lamainforte.org\/index.php\/contact-la-main-forte\/#primaryimage","url":"https:\/\/aci.lamainforte.org\/wp-content\/uploads\/2025\/06\/Jardinieres-Sure-Hotel-1.jpg","contentUrl":"https:\/\/aci.lamainforte.org\/wp-content\/uploads\/2025\/06\/Jardinieres-Sure-Hotel-1.jpg","width":1920,"height":1440,"caption":"Contact La Main Forte"},{"@type":"BreadcrumbList","@id":"https:\/\/aci.lamainforte.org\/index.php\/contact-la-main-forte\/#breadcrumb","itemListElement":[{"@type":"ListItem","position":1,"name":"Accueil","item":"https:\/\/aci.lamainforte.org\/"},{"@type":"ListItem","position":2,"name":"Contact et recrutement"}]},{"@type":"WebSite","@id":"https:\/\/aci.lamainforte.org\/#website","url":"https:\/\/aci.lamainforte.org\/","name":"ACI - Atelier Chantier Insertion","description":"","publisher":{"@id":"https:\/\/aci.lamainforte.org\/#organization"},"potentialAction":[{"@type":"SearchAction","target":{"@type":"EntryPoint","urlTemplate":"https:\/\/aci.lamainforte.org\/?s={search_term_string}"},"query-input":{"@type":"PropertyValueSpecification","valueRequired":true,"valueName":"search_term_string"}}],"inLanguage":"fr-FR"},{"@type":"Organization","@id":"https:\/\/aci.lamainforte.org\/#organization","name":"ACI - Atelier Chantier Insertion","url":"https:\/\/aci.lamainforte.org\/","logo":{"@type":"ImageObject","inLanguage":"fr-FR","@id":"https:\/\/aci.lamainforte.org\/#\/schema\/logo\/image\/","url":"https:\/\/aci.lamainforte.org\/wp-content\/uploads\/2025\/05\/Logo.jpg","contentUrl":"https:\/\/aci.lamainforte.org\/wp-content\/uploads\/2025\/05\/Logo.jpg","width":800,"height":600,"caption":"ACI - Atelier Chantier Insertion"},"image":{"@id":"https:\/\/aci.lamainforte.org\/#\/schema\/logo\/image\/"}}]}},"_links":{"self":[{"href":"https:\/\/aci.lamainforte.org\/index.php\/wp-json\/wp\/v2\/pages\/64","targetHints":{"allow":["GET"]}}],"collection":[{"href":"https:\/\/aci.lamainforte.org\/index.php\/wp-json\/wp\/v2\/pages"}],"about":[{"href":"https:\/\/aci.lamainforte.org\/index.php\/wp-json\/wp\/v2\/types\/page"}],"author":[{"embeddable":true,"href":"https:\/\/aci.lamainforte.org\/index.php\/wp-json\/wp\/v2\/users\/1"}],"replies":[{"embeddable":true,"href":"https:\/\/aci.lamainforte.org\/index.php\/wp-json\/wp\/v2\/comments?post=64"}],"version-history":[{"count":124,"href":"https:\/\/aci.lamainforte.org\/index.php\/wp-json\/wp\/v2\/pages\/64\/revisions"}],"predecessor-version":[{"id":1122,"href":"https:\/\/aci.lamainforte.org\/index.php\/wp-json\/wp\/v2\/pages\/64\/revisions\/1122"}],"wp:attachment":[{"href":"https:\/\/aci.lamainforte.org\/index.php\/wp-json\/wp\/v2\/media?parent=64"}],"curies":[{"name":"wp","href":"https:\/\/api.w.org\/{rel}","templated":true}]}}