{"id":62,"date":"2025-05-09T12:28:21","date_gmt":"2025-05-09T10:28:21","guid":{"rendered":"https:\/\/aci.lamainforte.org\/?page_id=62"},"modified":"2026-01-09T17:13:13","modified_gmt":"2026-01-09T16:13:13","slug":"presentation-la-main-forte","status":"publish","type":"page","link":"https:\/\/aci.lamainforte.org\/index.php\/presentation-la-main-forte\/","title":{"rendered":"Qui sommes-nous ?"},"content":{"rendered":"\t\t<div data-elementor-type=\"wp-page\" data-elementor-id=\"62\" class=\"elementor elementor-62\">\n\t\t\t\t<div class=\"elementor-element elementor-element-0a1e9bc e-flex e-con-boxed e-con e-parent\" data-id=\"0a1e9bc\" data-element_type=\"container\" data-e-type=\"container\">\n\t\t\t\t\t<div class=\"e-con-inner\">\n\t\t<div class=\"elementor-element elementor-element-efbc498 e-con-full e-flex e-con e-child\" data-id=\"efbc498\" data-element_type=\"container\" data-e-type=\"container\">\n\t\t\t\t<div class=\"elementor-element elementor-element-d2bfd9e elementor-widget elementor-widget-heading\" data-id=\"d2bfd9e\" data-element_type=\"widget\" data-e-type=\"widget\" data-widget_type=\"heading.default\">\n\t\t\t\t<div class=\"elementor-widget-container\">\n\t\t\t\t\t<h1 class=\"elementor-heading-title elementor-size-default\">QUI SOMMES-nous ?<\/h1>\t\t\t\t<\/div>\n\t\t\t\t<\/div>\n\t\t\t\t<div class=\"elementor-element elementor-element-fb51280 elementor-widget elementor-widget-text-editor\" data-id=\"fb51280\" data-element_type=\"widget\" data-e-type=\"widget\" data-widget_type=\"text-editor.default\">\n\t\t\t\t<div class=\"elementor-widget-container\">\n\t\t\t\t\t\t\t\t\t<p style=\"text-align: justify;\">En tant que Structure d\u2019Insertion par l\u2019Activit\u00e9 Economique, notre mission consiste en l\u2019accompagnement socio-professionnel de personnes \u00e9loign\u00e9es de l\u2019emploi. Pour ce faire, nous leur proposons un contrat de travail dans le cadre d\u2019activit\u00e9s-supports r\u00e9pondant \u00e0 des besoins non satisfaits sur notre territoire. Ces activit\u00e9s s&rsquo;adressent aux collectivit\u00e9s, associations ou entreprises.<\/p><p style=\"text-align: justify;\">L\u2019accompagnement dans notre structure se construit autour de 2 axes :<\/p><ul style=\"text-align: justify;\"><li>L\u2019autonomisation des personnes dans la r\u00e9solution de leurs probl\u00e9matiques individuelles (logement, mobilit\u00e9, sant\u00e9, acc\u00e8s au droit\u2026)<\/li><li>La formation en situation de production et l\u2019\u00e9valuation continue dans le cadre d\u2019un parcours co-d\u00e9fini entre l\u2019individu et la structure accompagnante<\/li><\/ul>\t\t\t\t\t\t\t\t<\/div>\n\t\t\t\t<\/div>\n\t\t\t\t<\/div>\n\t\t\t\t\t<\/div>\n\t\t\t\t<\/div>\n\t\t<div class=\"elementor-element elementor-element-78c848d e-flex e-con-boxed e-con e-parent\" data-id=\"78c848d\" data-element_type=\"container\" data-e-type=\"container\">\n\t\t\t\t\t<div class=\"e-con-inner\">\n\t\t<div class=\"elementor-element elementor-element-bca7668 e-con-full e-flex e-con e-child\" data-id=\"bca7668\" data-element_type=\"container\" data-e-type=\"container\">\n\t\t\t\t<div class=\"elementor-element elementor-element-4dec782 elementor-widget elementor-widget-heading\" data-id=\"4dec782\" data-element_type=\"widget\" data-e-type=\"widget\" data-widget_type=\"heading.default\">\n\t\t\t\t<div class=\"elementor-widget-container\">\n\t\t\t\t\t<h2 class=\"elementor-heading-title elementor-size-default\">D\u00e9couvrez l\u2019Insertion par l\u2019Activit\u00e9 Economique<\/h2>\t\t\t\t<\/div>\n\t\t\t\t<\/div>\n\t\t\t\t<\/div>\n\t\t\t\t<div class=\"elementor-element elementor-element-8d0b30e elementor-widget__width-initial elementor-widget elementor-widget-video\" data-id=\"8d0b30e\" data-element_type=\"widget\" data-e-type=\"widget\" data-settings=\"{&quot;video_type&quot;:&quot;hosted&quot;,&quot;start&quot;:1,&quot;controls&quot;:&quot;yes&quot;}\" data-widget_type=\"video.default\">\n\t\t\t\t<div class=\"elementor-widget-container\">\n\t\t\t\t\t\t\t<div class=\"e-hosted-video elementor-wrapper elementor-open-inline\">\n\t\t\t\t\t<video class=\"elementor-video\" src=\"https:\/\/aci.lamainforte.org\/wp-content\/uploads\/2025\/05\/LIAE-decodee-en-3-min.mp4#t=1\" controls=\"\" preload=\"metadata\" controlsList=\"nodownload\"><\/video>\n\t\t\t\t<\/div>\n\t\t\t\t\t\t<\/div>\n\t\t\t\t<\/div>\n\t\t\t\t\t<\/div>\n\t\t\t\t<\/div>\n\t\t<div class=\"elementor-element elementor-element-595c7c4 e-flex e-con-boxed e-con e-parent\" data-id=\"595c7c4\" data-element_type=\"container\" data-e-type=\"container\">\n\t\t\t\t\t<div class=\"e-con-inner\">\n\t\t<div class=\"elementor-element elementor-element-8b2b7f7 e-con-full e-flex e-con e-child\" data-id=\"8b2b7f7\" data-element_type=\"container\" data-e-type=\"container\" data-settings=\"{&quot;background_background&quot;:&quot;classic&quot;}\">\n\t\t\t\t<div class=\"elementor-element elementor-element-16338f4 elementor-widget__width-initial elementor-widget elementor-widget-heading\" data-id=\"16338f4\" data-element_type=\"widget\" data-e-type=\"widget\" data-widget_type=\"heading.default\">\n\t\t\t\t<div class=\"elementor-widget-container\">\n\t\t\t\t\t<h2 class=\"elementor-heading-title elementor-size-default\">Pr\u00e9sentation de l'\u00e9quipe<\/h2>\t\t\t\t<\/div>\n\t\t\t\t<\/div>\n\t\t\t\t<\/div>\n\t\t<div class=\"elementor-element elementor-element-e6f5686 e-con-full e-flex e-con e-child\" data-id=\"e6f5686\" data-element_type=\"container\" data-e-type=\"container\">\n\t\t<div class=\"elementor-element elementor-element-9a0767b e-con-full e-flex e-con e-child\" data-id=\"9a0767b\" data-element_type=\"container\" data-e-type=\"container\">\n\t\t\t\t<div class=\"elementor-element elementor-element-d2667fa elementor-position-left elementor-position-top elementor-vertical-align-middle elementor-widget elementor-widget-image-box\" data-id=\"d2667fa\" data-element_type=\"widget\" data-e-type=\"widget\" data-widget_type=\"image-box.default\">\n\t\t\t\t<div class=\"elementor-widget-container\">\n\t\t\t\t\t<div class=\"elementor-image-box-wrapper\"><figure class=\"elementor-image-box-img\"><img fetchpriority=\"high\" decoding=\"async\" width=\"295\" height=\"363\" src=\"https:\/\/aci.lamainforte.org\/wp-content\/uploads\/2025\/05\/femme.jpg\" class=\"attachment-full size-full wp-image-289\" alt=\"\" srcset=\"https:\/\/aci.lamainforte.org\/wp-content\/uploads\/2025\/05\/femme.jpg 295w, https:\/\/aci.lamainforte.org\/wp-content\/uploads\/2025\/05\/femme-244x300.jpg 244w\" sizes=\"(max-width: 295px) 100vw, 295px\" \/><\/figure><div class=\"elementor-image-box-content\"><h3 class=\"elementor-image-box-title\">Catherine COUTURIER<\/h3><p class=\"elementor-image-box-description\">DIRECTRICE\n<br \/>\nDans le cadre du projet d\u00e9fini par le Conseil d'Administration et des objectifs qui lui sont assign\u00e9s, la directrice met en place les moyens et coordonne l'ensemble des actions du projet associatif. Porteuse du projet de la structure, elle est l'interface entre tous les acteurs : CA, salari\u00e9s, institutionnels, monde \u00e9conomique. Elle repr\u00e9sente et promeut l'association \u00e0 l'ext\u00e9rieur. Par ailleurs, elle anticipe les \u00e9volutions et propose au CA des orientations. Enfin, elle s\u2019assure de la gestion de la comptabilit\u00e9 de la structure et de sa gestion financi\u00e8re.<\/p><\/div><\/div>\t\t\t\t<\/div>\n\t\t\t\t<\/div>\n\t\t\t\t<\/div>\n\t\t<div class=\"elementor-element elementor-element-471f313 e-con-full e-flex e-con e-child\" data-id=\"471f313\" data-element_type=\"container\" data-e-type=\"container\">\n\t\t\t\t<div class=\"elementor-element elementor-element-e880df7 elementor-position-left elementor-vertical-align-middle elementor-position-top elementor-widget elementor-widget-image-box\" data-id=\"e880df7\" data-element_type=\"widget\" data-e-type=\"widget\" data-widget_type=\"image-box.default\">\n\t\t\t\t<div class=\"elementor-widget-container\">\n\t\t\t\t\t<div class=\"elementor-image-box-wrapper\"><figure class=\"elementor-image-box-img\"><img fetchpriority=\"high\" decoding=\"async\" width=\"295\" height=\"363\" src=\"https:\/\/aci.lamainforte.org\/wp-content\/uploads\/2025\/05\/femme.jpg\" class=\"attachment-full size-full wp-image-289\" alt=\"\" srcset=\"https:\/\/aci.lamainforte.org\/wp-content\/uploads\/2025\/05\/femme.jpg 295w, https:\/\/aci.lamainforte.org\/wp-content\/uploads\/2025\/05\/femme-244x300.jpg 244w\" sizes=\"(max-width: 295px) 100vw, 295px\" \/><\/figure><div class=\"elementor-image-box-content\"><h3 class=\"elementor-image-box-title\">Laure DEBLED-SARRAZIN<\/h3><p class=\"elementor-image-box-description\">ASSISTANTE ADMINISTRATIVE\n<br \/>\nAu sein de la Main Forte, elle r\u00e9alise une partie des t\u00e2ches\nadministratives. Ainsi, elle est en charge de la comptabilit\u00e9 de m\u00eame que l'ensemble des t\u00e2ches de secr\u00e9tariat et d'accueil.<\/p><\/div><\/div>\t\t\t\t<\/div>\n\t\t\t\t<\/div>\n\t\t\t\t<\/div>\n\t\t<div class=\"elementor-element elementor-element-0466a47 e-con-full e-flex e-con e-child\" data-id=\"0466a47\" data-element_type=\"container\" data-e-type=\"container\">\n\t\t\t\t<div class=\"elementor-element elementor-element-7a3b84f elementor-position-left elementor-vertical-align-middle elementor-position-top elementor-widget elementor-widget-image-box\" data-id=\"7a3b84f\" data-element_type=\"widget\" data-e-type=\"widget\" data-widget_type=\"image-box.default\">\n\t\t\t\t<div class=\"elementor-widget-container\">\n\t\t\t\t\t<div class=\"elementor-image-box-wrapper\"><figure class=\"elementor-image-box-img\"><img fetchpriority=\"high\" decoding=\"async\" width=\"295\" height=\"363\" src=\"https:\/\/aci.lamainforte.org\/wp-content\/uploads\/2025\/05\/femme.jpg\" class=\"attachment-full size-full wp-image-289\" alt=\"\" srcset=\"https:\/\/aci.lamainforte.org\/wp-content\/uploads\/2025\/05\/femme.jpg 295w, https:\/\/aci.lamainforte.org\/wp-content\/uploads\/2025\/05\/femme-244x300.jpg 244w\" sizes=\"(max-width: 295px) 100vw, 295px\" \/><\/figure><div class=\"elementor-image-box-content\"><h3 class=\"elementor-image-box-title\">Ga\u00eblle KAYSER TUDURY<\/h3><p class=\"elementor-image-box-description\">ACCOMPAGNATRICE SOCIO PROFESSIONNELLE\n<br \/>\nAu sein de la Main Forte, l'accompagnatrice est la r\u00e9f\u00e9rente des salari\u00e9s polyvalents en mati\u00e8re de parcours d'insertion et de formation socio-professionnelle.<\/p><\/div><\/div>\t\t\t\t<\/div>\n\t\t\t\t<\/div>\n\t\t\t\t<\/div>\n\t\t<div class=\"elementor-element elementor-element-5cfb419 e-con-full e-flex e-con e-child\" data-id=\"5cfb419\" data-element_type=\"container\" data-e-type=\"container\">\n\t\t\t\t<div class=\"elementor-element elementor-element-7cf251d elementor-position-left elementor-vertical-align-middle elementor-position-top elementor-widget elementor-widget-image-box\" data-id=\"7cf251d\" data-element_type=\"widget\" data-e-type=\"widget\" data-widget_type=\"image-box.default\">\n\t\t\t\t<div class=\"elementor-widget-container\">\n\t\t\t\t\t<div class=\"elementor-image-box-wrapper\"><figure class=\"elementor-image-box-img\"><img decoding=\"async\" width=\"295\" height=\"363\" src=\"https:\/\/aci.lamainforte.org\/wp-content\/uploads\/2025\/05\/homme.jpg\" class=\"attachment-full size-full wp-image-290\" alt=\"\" srcset=\"https:\/\/aci.lamainforte.org\/wp-content\/uploads\/2025\/05\/homme.jpg 295w, https:\/\/aci.lamainforte.org\/wp-content\/uploads\/2025\/05\/homme-244x300.jpg 244w\" sizes=\"(max-width: 295px) 100vw, 295px\" \/><\/figure><div class=\"elementor-image-box-content\"><h3 class=\"elementor-image-box-title\">Christophe CONEJERO<\/h3><p class=\"elementor-image-box-description\">ENCADRANT TECHNIQUE, P\u00c9DAGOGIQUE ET SOCIAL\n<br \/>\nAu sein de la Main Forte, et dans le cadre de son projet d'accompagnement, l'ETPS encadre des salari\u00e9s polyvalents autour d'un support d'activit\u00e9s techniques et participe \u00e0 l'ensemble des aspects li\u00e9s aux parcours d'insertion.<\/p><\/div><\/div>\t\t\t\t<\/div>\n\t\t\t\t<\/div>\n\t\t\t\t<\/div>\n\t\t<div class=\"elementor-element elementor-element-8f093b0 e-con-full e-flex e-con e-child\" data-id=\"8f093b0\" data-element_type=\"container\" data-e-type=\"container\">\n\t\t\t\t<div class=\"elementor-element elementor-element-99eacaa elementor-position-left elementor-vertical-align-middle elementor-position-top elementor-widget elementor-widget-image-box\" data-id=\"99eacaa\" data-element_type=\"widget\" data-e-type=\"widget\" data-widget_type=\"image-box.default\">\n\t\t\t\t<div class=\"elementor-widget-container\">\n\t\t\t\t\t<div class=\"elementor-image-box-wrapper\"><figure class=\"elementor-image-box-img\"><img decoding=\"async\" width=\"295\" height=\"363\" src=\"https:\/\/aci.lamainforte.org\/wp-content\/uploads\/2025\/05\/homme.jpg\" class=\"attachment-full size-full wp-image-290\" alt=\"\" srcset=\"https:\/\/aci.lamainforte.org\/wp-content\/uploads\/2025\/05\/homme.jpg 295w, https:\/\/aci.lamainforte.org\/wp-content\/uploads\/2025\/05\/homme-244x300.jpg 244w\" sizes=\"(max-width: 295px) 100vw, 295px\" \/><\/figure><div class=\"elementor-image-box-content\"><h3 class=\"elementor-image-box-title\">Erwan SALIOU<\/h3><p class=\"elementor-image-box-description\">ENCADRANT TECHNIQUE, P\u00c9DAGOGIQUE ET SOCIAL\n<br \/>\nAu sein de la Main Forte, et dans le cadre de son projet d'accompagnement, l'ETPS encadre des salari\u00e9s polyvalents autour d'un support d'activit\u00e9s techniques et participe \u00e0 l'ensemble des aspects li\u00e9s aux parcours d'insertion.<\/p><\/div><\/div>\t\t\t\t<\/div>\n\t\t\t\t<\/div>\n\t\t\t\t<\/div>\n\t\t<div class=\"elementor-element elementor-element-6d31165 e-con-full e-flex e-con e-child\" data-id=\"6d31165\" data-element_type=\"container\" data-e-type=\"container\">\n\t\t\t\t<div class=\"elementor-element elementor-element-b5e76c0 elementor-position-left elementor-vertical-align-middle elementor-position-top elementor-widget elementor-widget-image-box\" data-id=\"b5e76c0\" data-element_type=\"widget\" data-e-type=\"widget\" data-widget_type=\"image-box.default\">\n\t\t\t\t<div class=\"elementor-widget-container\">\n\t\t\t\t\t<div class=\"elementor-image-box-wrapper\"><figure class=\"elementor-image-box-img\"><img decoding=\"async\" width=\"295\" height=\"363\" src=\"https:\/\/aci.lamainforte.org\/wp-content\/uploads\/2025\/05\/homme.jpg\" class=\"attachment-full size-full wp-image-290\" alt=\"\" srcset=\"https:\/\/aci.lamainforte.org\/wp-content\/uploads\/2025\/05\/homme.jpg 295w, https:\/\/aci.lamainforte.org\/wp-content\/uploads\/2025\/05\/homme-244x300.jpg 244w\" sizes=\"(max-width: 295px) 100vw, 295px\" \/><\/figure><div class=\"elementor-image-box-content\"><h3 class=\"elementor-image-box-title\">Bruno BADDLY<\/h3><p class=\"elementor-image-box-description\">ENCADRANT TECHNIQUE, P\u00c9DAGOGIQUE ET SOCIAL\n<br \/>\nAu sein de la Main Forte, et dans le cadre de son projet d'accompagnement, l'ETPS encadre des salari\u00e9s polyvalents autour d'un support d'activit\u00e9s techniques et participe \u00e0 l'ensemble des aspects li\u00e9s aux parcours d'insertion.<\/p><\/div><\/div>\t\t\t\t<\/div>\n\t\t\t\t<\/div>\n\t\t\t\t<\/div>\n\t\t\t\t<\/div>\n\t\t\t\t\t<\/div>\n\t\t\t\t<\/div>\n\t\t\t\t<\/div>\n\t\t","protected":false},"excerpt":{"rendered":"<p>QUI SOMMES-nous ? En tant que Structure d\u2019Insertion par l\u2019Activit\u00e9 Economique, notre mission consiste en l\u2019accompagnement socio-professionnel de personnes \u00e9loign\u00e9es [&hellip;]<\/p>\n","protected":false},"author":1,"featured_media":0,"parent":0,"menu_order":0,"comment_status":"closed","ping_status":"closed","template":"","meta":{"site-sidebar-layout":"no-sidebar","site-content-layout":"","ast-site-content-layout":"full-width-container","site-content-style":"default","site-sidebar-style":"default","ast-global-header-display":"","ast-banner-title-visibility":"","ast-main-header-display":"","ast-hfb-above-header-display":"","ast-hfb-below-header-display":"","ast-hfb-mobile-header-display":"","site-post-title":"disabled","ast-breadcrumbs-content":"","ast-featured-img":"disabled","footer-sml-layout":"","ast-disable-related-posts":"","theme-transparent-header-meta":"","adv-header-id-meta":"","stick-header-meta":"","header-above-stick-meta":"","header-main-stick-meta":"","header-below-stick-meta":"","astra-migrate-meta-layouts":"default","ast-page-background-enabled":"default","ast-page-background-meta":{"desktop":{"background-color":"var(--ast-global-color-5)","background-image":"","background-repeat":"repeat","background-position":"center center","background-size":"auto","background-attachment":"scroll","background-type":"","background-media":"","overlay-type":"","overlay-color":"","overlay-opacity":"","overlay-gradient":""},"tablet":{"background-color":"","background-image":"","background-repeat":"repeat","background-position":"center center","background-size":"auto","background-attachment":"scroll","background-type":"","background-media":"","overlay-type":"","overlay-color":"","overlay-opacity":"","overlay-gradient":""},"mobile":{"background-color":"","background-image":"","background-repeat":"repeat","background-position":"center center","background-size":"auto","background-attachment":"scroll","background-type":"","background-media":"","overlay-type":"","overlay-color":"","overlay-opacity":"","overlay-gradient":""}},"ast-content-background-meta":{"desktop":{"background-color":"var(--ast-global-color-4)","background-image":"","background-repeat":"repeat","background-position":"center center","background-size":"auto","background-attachment":"scroll","background-type":"","background-media":"","overlay-type":"","overlay-color":"","overlay-opacity":"","overlay-gradient":""},"tablet":{"background-color":"var(--ast-global-color-4)","background-image":"","background-repeat":"repeat","background-position":"center center","background-size":"auto","background-attachment":"scroll","background-type":"","background-media":"","overlay-type":"","overlay-color":"","overlay-opacity":"","overlay-gradient":""},"mobile":{"background-color":"var(--ast-global-color-4)","background-image":"","background-repeat":"repeat","background-position":"center center","background-size":"auto","background-attachment":"scroll","background-type":"","background-media":"","overlay-type":"","overlay-color":"","overlay-opacity":"","overlay-gradient":""}},"footnotes":""},"class_list":["post-62","page","type-page","status-publish","hentry"],"yoast_head":"<!-- This site is optimized with the Yoast SEO plugin v27.5 - https:\/\/yoast.com\/product\/yoast-seo-wordpress\/ -->\n<title>Pr\u00e9sentation La Main Forte<\/title>\n<meta name=\"description\" content=\"Pr\u00e9sentation La Main Forte : Pr\u00e9sentation des missions, de l&#039;Insertion par l&#039;activit\u00e9 \u00e9conomique et de l&#039;\u00e9quipe.\" \/>\n<meta name=\"robots\" content=\"index, follow, max-snippet:-1, max-image-preview:large, max-video-preview:-1\" \/>\n<link rel=\"canonical\" href=\"https:\/\/aci.lamainforte.org\/index.php\/presentation-la-main-forte\/\" \/>\n<meta property=\"og:locale\" content=\"fr_FR\" \/>\n<meta property=\"og:type\" content=\"article\" \/>\n<meta property=\"og:title\" content=\"Pr\u00e9sentation La Main Forte\" \/>\n<meta property=\"og:description\" content=\"Pr\u00e9sentation La Main Forte : Pr\u00e9sentation des missions, de l&#039;Insertion par l&#039;activit\u00e9 \u00e9conomique et de l&#039;\u00e9quipe.\" \/>\n<meta property=\"og:url\" content=\"https:\/\/aci.lamainforte.org\/index.php\/presentation-la-main-forte\/\" \/>\n<meta property=\"og:site_name\" content=\"ACI - Atelier Chantier Insertion\" \/>\n<meta property=\"article:modified_time\" content=\"2026-01-09T16:13:13+00:00\" \/>\n<meta property=\"og:image\" content=\"https:\/\/aci.lamainforte.org\/wp-content\/uploads\/2025\/05\/femme.jpg\" \/>\n<meta name=\"twitter:card\" content=\"summary_large_image\" \/>\n<meta name=\"twitter:label1\" content=\"Dur\u00e9e de lecture estim\u00e9e\" \/>\n\t<meta name=\"twitter:data1\" content=\"4 minutes\" \/>\n<script type=\"application\/ld+json\" class=\"yoast-schema-graph\">{\"@context\":\"https:\\\/\\\/schema.org\",\"@graph\":[{\"@type\":\"WebPage\",\"@id\":\"https:\\\/\\\/aci.lamainforte.org\\\/index.php\\\/presentation-la-main-forte\\\/\",\"url\":\"https:\\\/\\\/aci.lamainforte.org\\\/index.php\\\/presentation-la-main-forte\\\/\",\"name\":\"Pr\u00e9sentation La Main Forte\",\"isPartOf\":{\"@id\":\"https:\\\/\\\/aci.lamainforte.org\\\/#website\"},\"primaryImageOfPage\":{\"@id\":\"https:\\\/\\\/aci.lamainforte.org\\\/index.php\\\/presentation-la-main-forte\\\/#primaryimage\"},\"image\":{\"@id\":\"https:\\\/\\\/aci.lamainforte.org\\\/index.php\\\/presentation-la-main-forte\\\/#primaryimage\"},\"thumbnailUrl\":\"https:\\\/\\\/aci.lamainforte.org\\\/wp-content\\\/uploads\\\/2025\\\/05\\\/femme.jpg\",\"datePublished\":\"2025-05-09T10:28:21+00:00\",\"dateModified\":\"2026-01-09T16:13:13+00:00\",\"description\":\"Pr\u00e9sentation La Main Forte : Pr\u00e9sentation des missions, de l'Insertion par l'activit\u00e9 \u00e9conomique et de l'\u00e9quipe.\",\"breadcrumb\":{\"@id\":\"https:\\\/\\\/aci.lamainforte.org\\\/index.php\\\/presentation-la-main-forte\\\/#breadcrumb\"},\"inLanguage\":\"fr-FR\",\"potentialAction\":[{\"@type\":\"ReadAction\",\"target\":[\"https:\\\/\\\/aci.lamainforte.org\\\/index.php\\\/presentation-la-main-forte\\\/\"]}]},{\"@type\":\"ImageObject\",\"inLanguage\":\"fr-FR\",\"@id\":\"https:\\\/\\\/aci.lamainforte.org\\\/index.php\\\/presentation-la-main-forte\\\/#primaryimage\",\"url\":\"https:\\\/\\\/aci.lamainforte.org\\\/wp-content\\\/uploads\\\/2025\\\/05\\\/femme.jpg\",\"contentUrl\":\"https:\\\/\\\/aci.lamainforte.org\\\/wp-content\\\/uploads\\\/2025\\\/05\\\/femme.jpg\",\"width\":295,\"height\":363},{\"@type\":\"BreadcrumbList\",\"@id\":\"https:\\\/\\\/aci.lamainforte.org\\\/index.php\\\/presentation-la-main-forte\\\/#breadcrumb\",\"itemListElement\":[{\"@type\":\"ListItem\",\"position\":1,\"name\":\"Accueil\",\"item\":\"https:\\\/\\\/aci.lamainforte.org\\\/\"},{\"@type\":\"ListItem\",\"position\":2,\"name\":\"Qui sommes-nous ?\"}]},{\"@type\":\"WebSite\",\"@id\":\"https:\\\/\\\/aci.lamainforte.org\\\/#website\",\"url\":\"https:\\\/\\\/aci.lamainforte.org\\\/\",\"name\":\"ACI - Atelier Chantier Insertion\",\"description\":\"\",\"publisher\":{\"@id\":\"https:\\\/\\\/aci.lamainforte.org\\\/#organization\"},\"potentialAction\":[{\"@type\":\"SearchAction\",\"target\":{\"@type\":\"EntryPoint\",\"urlTemplate\":\"https:\\\/\\\/aci.lamainforte.org\\\/?s={search_term_string}\"},\"query-input\":{\"@type\":\"PropertyValueSpecification\",\"valueRequired\":true,\"valueName\":\"search_term_string\"}}],\"inLanguage\":\"fr-FR\"},{\"@type\":\"Organization\",\"@id\":\"https:\\\/\\\/aci.lamainforte.org\\\/#organization\",\"name\":\"ACI - Atelier Chantier Insertion\",\"url\":\"https:\\\/\\\/aci.lamainforte.org\\\/\",\"logo\":{\"@type\":\"ImageObject\",\"inLanguage\":\"fr-FR\",\"@id\":\"https:\\\/\\\/aci.lamainforte.org\\\/#\\\/schema\\\/logo\\\/image\\\/\",\"url\":\"https:\\\/\\\/aci.lamainforte.org\\\/wp-content\\\/uploads\\\/2025\\\/05\\\/Logo.jpg\",\"contentUrl\":\"https:\\\/\\\/aci.lamainforte.org\\\/wp-content\\\/uploads\\\/2025\\\/05\\\/Logo.jpg\",\"width\":800,\"height\":600,\"caption\":\"ACI - Atelier Chantier Insertion\"},\"image\":{\"@id\":\"https:\\\/\\\/aci.lamainforte.org\\\/#\\\/schema\\\/logo\\\/image\\\/\"}}]}<\/script>\n<!-- \/ Yoast SEO plugin. -->","yoast_head_json":{"title":"Pr\u00e9sentation La Main Forte","description":"Pr\u00e9sentation La Main Forte : Pr\u00e9sentation des missions, de l'Insertion par l'activit\u00e9 \u00e9conomique et de l'\u00e9quipe.","robots":{"index":"index","follow":"follow","max-snippet":"max-snippet:-1","max-image-preview":"max-image-preview:large","max-video-preview":"max-video-preview:-1"},"canonical":"https:\/\/aci.lamainforte.org\/index.php\/presentation-la-main-forte\/","og_locale":"fr_FR","og_type":"article","og_title":"Pr\u00e9sentation La Main Forte","og_description":"Pr\u00e9sentation La Main Forte : Pr\u00e9sentation des missions, de l'Insertion par l'activit\u00e9 \u00e9conomique et de l'\u00e9quipe.","og_url":"https:\/\/aci.lamainforte.org\/index.php\/presentation-la-main-forte\/","og_site_name":"ACI - Atelier Chantier Insertion","article_modified_time":"2026-01-09T16:13:13+00:00","og_image":[{"url":"https:\/\/aci.lamainforte.org\/wp-content\/uploads\/2025\/05\/femme.jpg","type":"","width":"","height":""}],"twitter_card":"summary_large_image","twitter_misc":{"Dur\u00e9e de lecture estim\u00e9e":"4 minutes"},"schema":{"@context":"https:\/\/schema.org","@graph":[{"@type":"WebPage","@id":"https:\/\/aci.lamainforte.org\/index.php\/presentation-la-main-forte\/","url":"https:\/\/aci.lamainforte.org\/index.php\/presentation-la-main-forte\/","name":"Pr\u00e9sentation La Main Forte","isPartOf":{"@id":"https:\/\/aci.lamainforte.org\/#website"},"primaryImageOfPage":{"@id":"https:\/\/aci.lamainforte.org\/index.php\/presentation-la-main-forte\/#primaryimage"},"image":{"@id":"https:\/\/aci.lamainforte.org\/index.php\/presentation-la-main-forte\/#primaryimage"},"thumbnailUrl":"https:\/\/aci.lamainforte.org\/wp-content\/uploads\/2025\/05\/femme.jpg","datePublished":"2025-05-09T10:28:21+00:00","dateModified":"2026-01-09T16:13:13+00:00","description":"Pr\u00e9sentation La Main Forte : Pr\u00e9sentation des missions, de l'Insertion par l'activit\u00e9 \u00e9conomique et de l'\u00e9quipe.","breadcrumb":{"@id":"https:\/\/aci.lamainforte.org\/index.php\/presentation-la-main-forte\/#breadcrumb"},"inLanguage":"fr-FR","potentialAction":[{"@type":"ReadAction","target":["https:\/\/aci.lamainforte.org\/index.php\/presentation-la-main-forte\/"]}]},{"@type":"ImageObject","inLanguage":"fr-FR","@id":"https:\/\/aci.lamainforte.org\/index.php\/presentation-la-main-forte\/#primaryimage","url":"https:\/\/aci.lamainforte.org\/wp-content\/uploads\/2025\/05\/femme.jpg","contentUrl":"https:\/\/aci.lamainforte.org\/wp-content\/uploads\/2025\/05\/femme.jpg","width":295,"height":363},{"@type":"BreadcrumbList","@id":"https:\/\/aci.lamainforte.org\/index.php\/presentation-la-main-forte\/#breadcrumb","itemListElement":[{"@type":"ListItem","position":1,"name":"Accueil","item":"https:\/\/aci.lamainforte.org\/"},{"@type":"ListItem","position":2,"name":"Qui sommes-nous ?"}]},{"@type":"WebSite","@id":"https:\/\/aci.lamainforte.org\/#website","url":"https:\/\/aci.lamainforte.org\/","name":"ACI - Atelier Chantier Insertion","description":"","publisher":{"@id":"https:\/\/aci.lamainforte.org\/#organization"},"potentialAction":[{"@type":"SearchAction","target":{"@type":"EntryPoint","urlTemplate":"https:\/\/aci.lamainforte.org\/?s={search_term_string}"},"query-input":{"@type":"PropertyValueSpecification","valueRequired":true,"valueName":"search_term_string"}}],"inLanguage":"fr-FR"},{"@type":"Organization","@id":"https:\/\/aci.lamainforte.org\/#organization","name":"ACI - Atelier Chantier Insertion","url":"https:\/\/aci.lamainforte.org\/","logo":{"@type":"ImageObject","inLanguage":"fr-FR","@id":"https:\/\/aci.lamainforte.org\/#\/schema\/logo\/image\/","url":"https:\/\/aci.lamainforte.org\/wp-content\/uploads\/2025\/05\/Logo.jpg","contentUrl":"https:\/\/aci.lamainforte.org\/wp-content\/uploads\/2025\/05\/Logo.jpg","width":800,"height":600,"caption":"ACI - Atelier Chantier Insertion"},"image":{"@id":"https:\/\/aci.lamainforte.org\/#\/schema\/logo\/image\/"}}]}},"_links":{"self":[{"href":"https:\/\/aci.lamainforte.org\/index.php\/wp-json\/wp\/v2\/pages\/62","targetHints":{"allow":["GET"]}}],"collection":[{"href":"https:\/\/aci.lamainforte.org\/index.php\/wp-json\/wp\/v2\/pages"}],"about":[{"href":"https:\/\/aci.lamainforte.org\/index.php\/wp-json\/wp\/v2\/types\/page"}],"author":[{"embeddable":true,"href":"https:\/\/aci.lamainforte.org\/index.php\/wp-json\/wp\/v2\/users\/1"}],"replies":[{"embeddable":true,"href":"https:\/\/aci.lamainforte.org\/index.php\/wp-json\/wp\/v2\/comments?post=62"}],"version-history":[{"count":64,"href":"https:\/\/aci.lamainforte.org\/index.php\/wp-json\/wp\/v2\/pages\/62\/revisions"}],"predecessor-version":[{"id":1165,"href":"https:\/\/aci.lamainforte.org\/index.php\/wp-json\/wp\/v2\/pages\/62\/revisions\/1165"}],"wp:attachment":[{"href":"https:\/\/aci.lamainforte.org\/index.php\/wp-json\/wp\/v2\/media?parent=62"}],"curies":[{"name":"wp","href":"https:\/\/api.w.org\/{rel}","templated":true}]}}